{"id":115,"date":"2024-04-11T01:57:26","date_gmt":"2024-04-11T01:57:26","guid":{"rendered":"https:\/\/apnew2.local\/?page_id=115"},"modified":"2024-05-13T04:43:26","modified_gmt":"2024-05-13T04:43:26","slug":"documents-required","status":"publish","type":"page","link":"https:\/\/aurapay.com\/tr\/documents-required\/","title":{"rendered":"Gerekli belgeler"},"content":{"rendered":"<div class=\"wp-block-group has-global-padding is-layout-constrained wp-block-group-is-layout-constrained\" style=\"margin-top:var(--wp--preset--spacing--40);margin-bottom:0;padding-top:0;padding-bottom:0\">\n<h1 class=\"wp-block-heading\">Hesap \u0130\u00e7in Gerekli Belgeler<\/h1>\n\n\n\n<p>Hesab\u0131n\u0131z\u0131 kullanabilmeniz i\u00e7in a\u015fa\u011f\u0131daki gerekli belgeleri g\u00f6ndermeniz gerekmektedir.<\/p>\n\n\n\n<ul class=\"anchor wp-block-list\">\n<li><a href=\"#personal_account\">Ki\u015fisel hesap<\/a><\/li>\n\n\n\n<li><a href=\"#business_account\">\u0130\u015f hesab\u0131<\/a><\/li>\n<\/ul>\n<\/div>\n\n\n\n<h2 class=\"wp-block-heading\" id=\"personal_account\" style=\"margin-top:0;margin-bottom:var(--wp--preset--spacing--30);padding-top:var(--wp--preset--spacing--60)\">Ki\u015fisel hesap<\/h2>\n\n\n\n<h3 class=\"wp-block-heading has-aurapay-green-color has-text-color has-link-color wp-elements-98324f51f223fb64dfe9c02e91b0e4ef\" style=\"margin-top:var(--wp--preset--spacing--30)\">Kimlik do\u011frulama belgeleri<\/h3>\n\n\n\n<p class=\"has-aurapay-green-color has-text-color has-link-color wp-elements-9e27b96a9e1c04cae473141e2421035e\">Hesab\u0131 kaydeden ki\u015finin foto\u011frafl\u0131 kimli\u011fini (bireysel) ve bir selfieyi (y\u00fcz tan\u0131ma) g\u00f6ndermenizi isteyece\u011fiz.<\/p>\n\n\n\n<h4 class=\"wp-block-heading icon-id\" style=\"margin-top:var(--wp--preset--spacing--20)\">Foto\u011frafl\u0131 kimlik do\u011frulama<\/h4>\n\n\n\n<p>L\u00fctfen a\u015fa\u011f\u0131dakilerden birini g\u00f6nderin: s\u00fcr\u00fcc\u00fc belgesi, My Number kart\u0131 (yaln\u0131zca Japonya&#039;da ikamet edenler i\u00e7in ge\u00e7erlidir) veya pasaport.<\/p>\n\n\n\n<div class=\"wp-block-columns col-border-round is-layout-flex wp-container-core-columns-is-layout-1 wp-block-columns-is-layout-flex\" style=\"margin-top:var(--wp--preset--spacing--20);margin-bottom:var(--wp--preset--spacing--20)\">\n<div class=\"wp-block-column has-border-color has-aurapay-green-border-color is-layout-flow wp-block-column-is-layout-flow\" style=\"border-width:2px;padding-top:var(--wp--preset--spacing--20);padding-right:var(--wp--preset--spacing--20);padding-bottom:var(--wp--preset--spacing--20);padding-left:var(--wp--preset--spacing--20)\">\n<h5 class=\"wp-block-heading\">Ehliyet<\/h5>\n\n\n\n<p>L\u00fctfen ehliyetinizin \u00f6n ve arka y\u00fcz\u00fcn\u00fc g\u00f6nderin.<\/p>\n<\/div>\n\n\n\n<div class=\"wp-block-column has-border-color has-aurapay-green-border-color is-layout-flow wp-block-column-is-layout-flow\" style=\"border-width:2px;padding-top:var(--wp--preset--spacing--20);padding-right:var(--wp--preset--spacing--20);padding-bottom:var(--wp--preset--spacing--20);padding-left:var(--wp--preset--spacing--20)\">\n<h5 class=\"wp-block-heading\">Pasaport<\/h5>\n\n\n\n<p>L\u00fctfen sayfay\u0131 foto\u011fraf\u0131n\u0131z ve imzan\u0131zla birlikte g\u00f6nderin.<\/p>\n<\/div>\n\n\n\n<div class=\"wp-block-column has-border-color has-aurapay-green-border-color is-layout-flow wp-block-column-is-layout-flow\" style=\"border-width:2px;padding-top:var(--wp--preset--spacing--20);padding-right:var(--wp--preset--spacing--20);padding-bottom:var(--wp--preset--spacing--20);padding-left:var(--wp--preset--spacing--20)\">\n<h5 class=\"wp-block-heading\"><strong>Numara Kart\u0131m<\/strong><\/h5>\n\n\n\n<p>L\u00fctfen kart\u0131n \u00f6n ve arka y\u00fcz\u00fcn\u00fc g\u00f6nderin.<br>* L\u00fctfen ki\u015fisel numaran\u0131z\u0131 ve barkodu gizleyin.<\/p>\n<\/div>\n<\/div>\n\n\n\n<div class=\"wp-block-columns has-green-pale-background-color has-background is-layout-flex wp-container-core-columns-is-layout-2 wp-block-columns-is-layout-flex\" style=\"border-radius:1rem;margin-top:var(--wp--preset--spacing--20);margin-bottom:var(--wp--preset--spacing--20);padding-top:var(--wp--preset--spacing--20);padding-right:var(--wp--preset--spacing--20);padding-bottom:var(--wp--preset--spacing--20);padding-left:var(--wp--preset--spacing--20)\">\n<div class=\"wp-block-column is-layout-flow wp-block-column-is-layout-flow\" style=\"flex-basis:20%\">\n<p>Gereksinimler<\/p>\n<\/div>\n\n\n\n<div class=\"wp-block-column is-layout-flow wp-block-column-is-layout-flow\">\n<ol class=\"wp-block-list\">\n<li>Kimlik belgeleri bir devlet kurumu taraf\u0131ndan verilmeli ve AuraPay&#039;de kay\u0131tl\u0131 bilgilerle ayn\u0131 ad\u0131 ve do\u011fum tarihini g\u00f6stermelidir.<\/li>\n\n\n\n<li>&nbsp;S\u00fcresi dolmu\u015f bir kimlik kart\u0131, kimlik do\u011frulama belgesi olarak kullan\u0131lamaz.<\/li>\n\n\n\n<li>Ki\u015fisel \u201cnumara kart\u0131m\u0131\u201d size bildiren ge\u00e7ici bildirim kart\u0131n\u0131n kimlik do\u011frulama belgesi olarak kullan\u0131lamayaca\u011f\u0131n\u0131 l\u00fctfen unutmay\u0131n.<\/li>\n\n\n\n<li>Japonya d\u0131\u015f\u0131nda ikamet eden Japon olmayan ve Japon vatanda\u015flar\u0131 i\u00e7in ge\u00e7erli bir pasaport gereklidir.<\/li>\n<\/ol>\n<\/div>\n<\/div>\n\n\n\n<h4 class=\"wp-block-heading icon-face\" style=\"margin-top:var(--wp--preset--spacing--20)\">y\u00fcz tan\u0131ma<\/h4>\n\n\n\n<p>Bilgilerinizi bizzat g\u00f6nderdi\u011finizi onaylamak i\u00e7in bir y\u00fcz tan\u0131ma prosed\u00fcr\u00fcn\u00fc uygulamaya koyduk.<\/p>\n\n\n\n<p class=\"has-small-font-size\">* L\u00fctfen ekranda g\u00f6r\u00fcnt\u00fclenen ad\u0131mlar\u0131 takip etti\u011finizden emin olun. Bu, kimli\u011finizi \u00e7evrimi\u00e7i olarak do\u011frulamam\u0131za olanak tan\u0131r.<\/p>\n\n\n\n<h5 class=\"wp-block-heading\" style=\"margin-top:var(--wp--preset--spacing--20)\">Ba\u015flamadan \u00f6nce haz\u0131rl\u0131k<\/h5>\n\n\n\n<ul class=\"check wp-block-list\">\n<li>L\u00fctfen foto\u011frafl\u0131 kimlik belgelerinizi haz\u0131r bulundurunuz.<\/li>\n\n\n\n<li>L\u00fctfen maske, \u015fapka, g\u00fcne\u015f g\u00f6zl\u00fc\u011f\u00fc ve kulakl\u0131k gibi y\u00fcz\u00fcn\u00fcz\u00fc kapatan e\u015fyalar\u0131 \u00e7\u0131kar\u0131n.<\/li>\n\n\n\n<li>L\u00fctfen iyi ayd\u0131nlat\u0131lm\u0131\u015f bir ortamda foto\u011fraf \u00e7ekin.<\/li>\n\n\n\n<li>L\u00fctfen kameral\u0131 bir cihaz haz\u0131rlay\u0131n ve kameran\u0131n eri\u015fim iznini ayarlay\u0131n.<\/li>\n<\/ul>\n\n\n\n<p class=\"has-small-font-size\">* Kamera donan\u0131m\u0131 olmayan bir cihaz kullan\u0131yorsan\u0131z belge g\u00f6nderim y\u00f6ntemini se\u00e7me ekran\u0131ndan mobil cihaza ge\u00e7i\u015f yapabilirsiniz.<\/p>\n\n\n\n<div class=\"wp-block-columns has-green-pale-background-color has-background is-layout-flex wp-container-core-columns-is-layout-3 wp-block-columns-is-layout-flex\" style=\"border-radius:1rem;margin-top:var(--wp--preset--spacing--20);margin-bottom:var(--wp--preset--spacing--20);padding-top:var(--wp--preset--spacing--20);padding-right:var(--wp--preset--spacing--20);padding-bottom:var(--wp--preset--spacing--20);padding-left:var(--wp--preset--spacing--20)\">\n<div class=\"wp-block-column is-layout-flow wp-block-column-is-layout-flow\" style=\"flex-basis:20%\">\n<p>Gereksinimler<\/p>\n<\/div>\n\n\n\n<div class=\"wp-block-column is-layout-flow wp-block-column-is-layout-flow\">\n<ol class=\"wp-block-list\">\n<li>E\u011fer iOS kullan\u0131yorsan\u0131z l\u00fctfen Safari taray\u0131c\u0131s\u0131n\u0131 kullan\u0131n. Android veya PC kullan\u0131yorsan\u0131z l\u00fctfen Chrome taray\u0131c\u0131y\u0131 kullan\u0131n.<\/li>\n\n\n\n<li>PC&#039;den mobil cihaza ge\u00e7i\u015f yaparken l\u00fctfen i\u015flem tamamlanana kadar PC&#039;nin orijinal ekran\u0131n\u0131 a\u00e7\u0131k tutun.<\/li>\n<\/ol>\n<\/div>\n<\/div>\n\n\n\n<h3 class=\"wp-block-heading has-aurapay-green-color has-text-color has-link-color wp-elements-bc9a3b0b9a401c72cb9991c1c49e6da7\" style=\"margin-top:var(--wp--preset--spacing--30)\">G\u00fcncel Adres Kan\u0131t\u0131<\/h3>\n\n\n\n<p class=\"has-aurapay-green-color has-text-color has-link-color wp-elements-a9b69c89a49ae802a19fbc5eef5a0f8c\">Hesap sahibinin (bireysel) g\u00fcncel adresini g\u00f6steren a\u015fa\u011f\u0131daki belgelerden birini (d\u00fczenlenme tarihinden itibaren 3 ay i\u00e7inde) g\u00f6ndermeniz istenecektir.<\/p>\n\n\n\n<ul class=\"wp-block-list\">\n<li>Hizmet faturalar\u0131 ve makbuzlar\u0131<\/li>\n\n\n\n<li>Banka\/kredi kart\u0131 \u015firketi ekstreleri ve faturalar<\/li>\n\n\n\n<li>\u0130kamet belgesinin kopyas\u0131 (Japonya&#039;da ikamet edenler i\u00e7in)<\/li>\n\n\n\n<li>M\u00fch\u00fcr tescil belgesi (Japonya&#039;da ikamet edenler i\u00e7in)<\/li>\n\n\n\n<li>Vergi \u00f6deme belgesi (Japonya&#039;da ikamet edenler i\u00e7in)<\/li>\n<\/ul>\n\n\n\n<p class=\"has-small-font-size\">*Belgelerin \u00fczerinde ki\u015fisel numaran\u0131z (Numaram) yaz\u0131yorsa l\u00fctfen g\u00f6r\u00fcnmeyecek \u015fekilde saklay\u0131n\u0131z.<\/p>\n\n\n\n<div class=\"wp-block-columns has-green-pale-background-color has-background is-layout-flex wp-container-core-columns-is-layout-4 wp-block-columns-is-layout-flex\" style=\"border-radius:1rem;margin-top:var(--wp--preset--spacing--20);margin-bottom:var(--wp--preset--spacing--20);padding-top:var(--wp--preset--spacing--20);padding-right:var(--wp--preset--spacing--20);padding-bottom:var(--wp--preset--spacing--20);padding-left:var(--wp--preset--spacing--20)\">\n<div class=\"wp-block-column is-layout-flow wp-block-column-is-layout-flow\" style=\"flex-basis:20%\">\n<p>Gereksinimler<\/p>\n<\/div>\n\n\n\n<div class=\"wp-block-column is-layout-flow wp-block-column-is-layout-flow\">\n<ol class=\"wp-block-list\">\n<li>Ad ve mevcut adres, ba\u015fvuru sahibinin hesapta kay\u0131tl\u0131 bilgileriyle e\u015fle\u015fmelidir. (Sadece \u00fczerinde isim ve g\u00fcncel adres yaz\u0131l\u0131 olan belgeler ge\u00e7erlidir.)<\/li>\n\n\n\n<li>Belgeyi veren kurulu\u015f\/antetli ka\u011f\u0131t belgenin \u00fczerine bas\u0131lmal\u0131d\u0131r.<\/li>\n\n\n\n<li>D\u00fczenlenme tarihi, belgenin onaylanmas\u0131ndan sonraki 3 ay i\u00e7inde bas\u0131lmal\u0131d\u0131r (l\u00fctfen son tarihten \u00e7ok \u00f6nce g\u00f6nderin).<\/li>\n\n\n\n<li>L\u00fctfen yukar\u0131daki hususlar\u0131n t\u00fcm\u00fcn\u00fc ayn\u0131 ka\u011f\u0131t \u00fczerinde g\u00f6steren bir belge haz\u0131rlay\u0131n (eksik belgeler kabul edilmeyecektir).<\/li>\n\n\n\n<li>Kimlik belgeleri (ehliyet, Numaram kart\u0131) g\u00fcncel adres do\u011frulama materyalleri olarak kabul edilmemektedir.<\/li>\n<\/ol>\n<\/div>\n<\/div>\n\n\n\n<h2 class=\"wp-block-heading\" id=\"business_account\" style=\"margin-top:0;margin-bottom:var(--wp--preset--spacing--30);padding-top:var(--wp--preset--spacing--60)\">\u0130\u015f hesab\u0131<\/h2>\n\n\n\n<h3 class=\"wp-block-heading has-aurapay-green-color has-text-color has-link-color wp-elements-5d4016f5a025a66bfa2aeaf1d297b694\" style=\"margin-top:var(--wp--preset--spacing--30)\">Temsilciler i\u00e7in kimlik do\u011frulama belgeleri<\/h3>\n\n\n\n<p class=\"has-aurapay-green-color has-text-color has-link-color wp-elements-9e27b96a9e1c04cae473141e2421035e\">Hesab\u0131 kaydeden ki\u015finin foto\u011frafl\u0131 kimli\u011fini (bireysel) ve bir selfieyi (y\u00fcz tan\u0131ma) g\u00f6ndermenizi isteyece\u011fiz.<\/p>\n\n\n\n<h4 class=\"wp-block-heading icon-id\" style=\"margin-top:var(--wp--preset--spacing--20)\">Foto\u011frafl\u0131 kimlik do\u011frulama<\/h4>\n\n\n\n<p>L\u00fctfen a\u015fa\u011f\u0131dakilerden birini g\u00f6nderin: s\u00fcr\u00fcc\u00fc belgesi, My Number kart\u0131 (yaln\u0131zca Japonya&#039;da ikamet edenler i\u00e7in ge\u00e7erlidir) veya pasaport.<\/p>\n\n\n\n<div class=\"wp-block-columns col-border-round is-layout-flex wp-container-core-columns-is-layout-5 wp-block-columns-is-layout-flex\" style=\"margin-top:var(--wp--preset--spacing--20);margin-bottom:var(--wp--preset--spacing--20)\">\n<div class=\"wp-block-column has-border-color has-aurapay-green-border-color is-layout-flow wp-block-column-is-layout-flow\" style=\"border-width:2px;padding-top:var(--wp--preset--spacing--20);padding-right:var(--wp--preset--spacing--20);padding-bottom:var(--wp--preset--spacing--20);padding-left:var(--wp--preset--spacing--20)\">\n<h5 class=\"wp-block-heading\">Ehliyet<\/h5>\n\n\n\n<p>L\u00fctfen ehliyetinizin \u00f6n ve arka y\u00fcz\u00fcn\u00fc g\u00f6nderin.<\/p>\n<\/div>\n\n\n\n<div class=\"wp-block-column has-border-color has-aurapay-green-border-color is-layout-flow wp-block-column-is-layout-flow\" style=\"border-width:2px;padding-top:var(--wp--preset--spacing--20);padding-right:var(--wp--preset--spacing--20);padding-bottom:var(--wp--preset--spacing--20);padding-left:var(--wp--preset--spacing--20)\">\n<h5 class=\"wp-block-heading\">Pasaport<\/h5>\n\n\n\n<p>L\u00fctfen sayfay\u0131 foto\u011fraf\u0131n\u0131z ve imzan\u0131zla birlikte g\u00f6nderin.<\/p>\n<\/div>\n\n\n\n<div class=\"wp-block-column has-border-color has-aurapay-green-border-color is-layout-flow wp-block-column-is-layout-flow\" style=\"border-width:2px;padding-top:var(--wp--preset--spacing--20);padding-right:var(--wp--preset--spacing--20);padding-bottom:var(--wp--preset--spacing--20);padding-left:var(--wp--preset--spacing--20)\">\n<h5 class=\"wp-block-heading\">Numara Kart\u0131m<\/h5>\n\n\n\n<p>L\u00fctfen kart\u0131n \u00f6n ve arka y\u00fcz\u00fcn\u00fc g\u00f6nderin.<br>* L\u00fctfen ki\u015fisel numaran\u0131z\u0131 ve barkodu gizleyin.<\/p>\n<\/div>\n<\/div>\n\n\n\n<div class=\"wp-block-columns has-green-pale-background-color has-background is-layout-flex wp-container-core-columns-is-layout-6 wp-block-columns-is-layout-flex\" style=\"border-radius:1rem;margin-top:var(--wp--preset--spacing--20);margin-bottom:var(--wp--preset--spacing--20);padding-top:var(--wp--preset--spacing--20);padding-right:var(--wp--preset--spacing--20);padding-bottom:var(--wp--preset--spacing--20);padding-left:var(--wp--preset--spacing--20)\">\n<div class=\"wp-block-column is-layout-flow wp-block-column-is-layout-flow\" style=\"flex-basis:20%\">\n<p>Gereksinimler<\/p>\n<\/div>\n\n\n\n<div class=\"wp-block-column is-layout-flow wp-block-column-is-layout-flow\">\n<ol class=\"wp-block-list\">\n<li>Kimlik belgeleri bir devlet kurumu taraf\u0131ndan verilmeli ve AuraPay&#039;de kay\u0131tl\u0131 bilgilerle ayn\u0131 ad\u0131 ve do\u011fum tarihini g\u00f6stermelidir.<\/li>\n\n\n\n<li>&nbsp;S\u00fcresi dolmu\u015f bir kimlik kart\u0131, kimlik do\u011frulama belgesi olarak kullan\u0131lamaz.<\/li>\n\n\n\n<li>Ki\u015fisel \u201cnumara kart\u0131m\u0131\u201d size bildiren ge\u00e7ici bildirim kart\u0131n\u0131n kimlik do\u011frulama belgesi olarak kullan\u0131lamayaca\u011f\u0131n\u0131 l\u00fctfen unutmay\u0131n.<\/li>\n\n\n\n<li>Japonya d\u0131\u015f\u0131nda ikamet eden Japon olmayan ve Japon vatanda\u015flar\u0131 i\u00e7in ge\u00e7erli bir pasaport gereklidir.<\/li>\n<\/ol>\n<\/div>\n<\/div>\n\n\n\n<h4 class=\"wp-block-heading icon-face\" style=\"margin-top:var(--wp--preset--spacing--20)\">y\u00fcz tan\u0131ma<\/h4>\n\n\n\n<p>Bilgilerinizi bizzat g\u00f6nderdi\u011finizi onaylamak i\u00e7in bir y\u00fcz tan\u0131ma prosed\u00fcr\u00fcn\u00fc uygulamaya koyduk.<\/p>\n\n\n\n<p class=\"has-small-font-size\">* L\u00fctfen ekranda g\u00f6r\u00fcnt\u00fclenen ad\u0131mlar\u0131 takip etti\u011finizden emin olun. Bu, kimli\u011finizi \u00e7evrimi\u00e7i olarak do\u011frulamam\u0131za olanak tan\u0131r.<\/p>\n\n\n\n<h5 class=\"wp-block-heading\">Ba\u015flamadan \u00f6nce haz\u0131rl\u0131k<\/h5>\n\n\n\n<ul class=\"wp-block-list\">\n<li>L\u00fctfen foto\u011frafl\u0131 kimlik belgelerinizi haz\u0131r bulundurunuz.<\/li>\n\n\n\n<li>L\u00fctfen maske, \u015fapka, g\u00fcne\u015f g\u00f6zl\u00fc\u011f\u00fc ve kulakl\u0131k gibi y\u00fcz\u00fcn\u00fcz\u00fc kapatan e\u015fyalar\u0131 \u00e7\u0131kar\u0131n.<\/li>\n\n\n\n<li>L\u00fctfen iyi ayd\u0131nlat\u0131lm\u0131\u015f bir ortamda foto\u011fraf \u00e7ekin.<\/li>\n\n\n\n<li>L\u00fctfen kameral\u0131 bir cihaz haz\u0131rlay\u0131n ve kameran\u0131n eri\u015fim iznini ayarlay\u0131n.<\/li>\n<\/ul>\n\n\n\n<p class=\"has-small-font-size\">* Kamera donan\u0131m\u0131 olmayan bir cihaz kullan\u0131yorsan\u0131z belge g\u00f6nderim y\u00f6ntemini se\u00e7me ekran\u0131ndan mobil cihaza ge\u00e7i\u015f yapabilirsiniz.<\/p>\n\n\n\n<div class=\"wp-block-columns has-green-pale-background-color has-background is-layout-flex wp-container-core-columns-is-layout-7 wp-block-columns-is-layout-flex\" style=\"border-radius:1rem;margin-top:var(--wp--preset--spacing--20);margin-bottom:var(--wp--preset--spacing--20);padding-top:var(--wp--preset--spacing--20);padding-right:var(--wp--preset--spacing--20);padding-bottom:var(--wp--preset--spacing--20);padding-left:var(--wp--preset--spacing--20)\">\n<div class=\"wp-block-column is-layout-flow wp-block-column-is-layout-flow\" style=\"flex-basis:20%\">\n<p>Gereksinimler<\/p>\n<\/div>\n\n\n\n<div class=\"wp-block-column is-layout-flow wp-block-column-is-layout-flow\">\n<ol class=\"wp-block-list\">\n<li>E\u011fer iOS kullan\u0131yorsan\u0131z l\u00fctfen Safari taray\u0131c\u0131s\u0131n\u0131 kullan\u0131n. Android veya PC kullan\u0131yorsan\u0131z l\u00fctfen Chrome taray\u0131c\u0131y\u0131 kullan\u0131n.<\/li>\n\n\n\n<li>PC&#039;den mobil cihaza ge\u00e7i\u015f yaparken l\u00fctfen i\u015flem tamamlanana kadar PC&#039;nin orijinal ekran\u0131n\u0131 a\u00e7\u0131k tutun.<\/li>\n<\/ol>\n<\/div>\n<\/div>\n\n\n\n<h3 class=\"wp-block-heading has-aurapay-green-color has-text-color has-link-color wp-elements-3a48448b2c9fdeac3090ea584e5747e6\" style=\"margin-top:var(--wp--preset--spacing--30)\">Temsilciler i\u00e7in G\u00fcncel Adres Kan\u0131t\u0131<\/h3>\n\n\n\n<p class=\"has-aurapay-green-color has-text-color has-link-color wp-elements-a9b69c89a49ae802a19fbc5eef5a0f8c\">Hesap sahibinin (bireysel) g\u00fcncel adresini g\u00f6steren a\u015fa\u011f\u0131daki belgelerden birini (d\u00fczenlenme tarihinden itibaren 3 ay i\u00e7inde) g\u00f6ndermeniz istenecektir.<\/p>\n\n\n\n<ul class=\"wp-block-list\">\n<li>Hizmet faturalar\u0131 ve makbuzlar\u0131<\/li>\n\n\n\n<li>Banka\/kredi kart\u0131 \u015firketi ekstreleri ve faturalar<\/li>\n\n\n\n<li>\u0130kamet belgesinin kopyas\u0131 (Japonya&#039;da ikamet edenler i\u00e7in)<\/li>\n\n\n\n<li>M\u00fch\u00fcr tescil belgesi (Japonya&#039;da ikamet edenler i\u00e7in)<\/li>\n\n\n\n<li>Vergi \u00f6deme belgesi (Japonya&#039;da ikamet edenler i\u00e7in)<\/li>\n<\/ul>\n\n\n\n<p>*Belgelerin \u00fczerinde ki\u015fisel numaran\u0131z (Numaram) yaz\u0131yorsa l\u00fctfen g\u00f6r\u00fcnmeyecek \u015fekilde saklay\u0131n\u0131z.<\/p>\n\n\n\n<div class=\"wp-block-columns has-green-pale-background-color has-background is-layout-flex wp-container-core-columns-is-layout-8 wp-block-columns-is-layout-flex\" style=\"border-radius:1rem;margin-top:var(--wp--preset--spacing--20);margin-bottom:var(--wp--preset--spacing--20);padding-top:var(--wp--preset--spacing--20);padding-right:var(--wp--preset--spacing--20);padding-bottom:var(--wp--preset--spacing--20);padding-left:var(--wp--preset--spacing--20)\">\n<div class=\"wp-block-column is-layout-flow wp-block-column-is-layout-flow\" style=\"flex-basis:20%\">\n<p>Gereksinimler<\/p>\n<\/div>\n\n\n\n<div class=\"wp-block-column is-layout-flow wp-block-column-is-layout-flow\">\n<ol class=\"wp-block-list\">\n<li>Ad ve mevcut adres, ba\u015fvuru sahibinin hesapta kay\u0131tl\u0131 bilgileriyle e\u015fle\u015fmelidir. (Sadece \u00fczerinde isim ve g\u00fcncel adres yaz\u0131l\u0131 olan belgeler ge\u00e7erlidir.)<\/li>\n\n\n\n<li>Belgeyi veren kurulu\u015f\/antetli ka\u011f\u0131t belgenin \u00fczerine bas\u0131lmal\u0131d\u0131r.<\/li>\n\n\n\n<li>D\u00fczenlenme tarihi, belgenin onaylanmas\u0131ndan sonraki 3 ay i\u00e7inde bas\u0131lmal\u0131d\u0131r (l\u00fctfen son tarihten \u00e7ok \u00f6nce g\u00f6nderin).<\/li>\n\n\n\n<li>L\u00fctfen yukar\u0131daki hususlar\u0131n t\u00fcm\u00fcn\u00fc ayn\u0131 ka\u011f\u0131t \u00fczerinde g\u00f6steren bir belge haz\u0131rlay\u0131n (eksik belgeler kabul edilmeyecektir).<\/li>\n\n\n\n<li>Kimlik belgeleri (ehliyet, Numaram kart\u0131) g\u00fcncel adres do\u011frulama materyalleri olarak kabul edilmemektedir.<\/li>\n<\/ol>\n<\/div>\n<\/div>\n\n\n\n<h3 class=\"wp-block-heading has-aurapay-green-color has-text-color has-link-color wp-elements-eb4a55bd50110a2706872e0eea52afae\" style=\"margin-top:var(--wp--preset--spacing--30)\">Ticari Kullan\u0131c\u0131 \u0130\u00e7in Gerekli Belgeler<\/h3>\n\n\n\n<p class=\"has-aurapay-green-color has-text-color has-link-color wp-elements-1f67617220b6200e5029896664d58f77\">L\u00fctfen c\u00fczdan sahibine (\u015firkete) ait, adresini ve ad\u0131n\u0131 belirtmesi gereken a\u015fa\u011f\u0131daki t\u00fcm belgeleri g\u00f6nderin.<br>Belgelerin alt\u0131 ay i\u00e7erisinde verilmesi gerekmektedir.<\/p>\n\n\n\n<ul class=\"wp-block-list\">\n<li>\u0130\u015f profili<br>L\u00fctfen belgelerin t\u00fcm sayfalar\u0131n\u0131 g\u00f6nderin.<br>Ayr\u0131ca resmi makamlarca onaylanm\u0131\u015f ana s\u00f6zle\u015fmenin t\u00fcm sayfalar\u0131n\u0131 da g\u00f6nderebilirsiniz.<\/li>\n<\/ul>\n\n\n\n<p class=\"has-small-font-size\">*Farkl\u0131 \u00fclkelerdeki kullan\u0131c\u0131lar\u0131n daha fazla do\u011frulama i\u00e7in di\u011fer gerekli belgeleri y\u00fcklemelerinin gerekebilece\u011fini l\u00fctfen unutmay\u0131n. Daha fazla bilgi i\u00e7in l\u00fctfen destek ekibiyle ileti\u015fime ge\u00e7in.<br>*L\u00fctfen ak\u0131ll\u0131 telefon gibi bir kamerayla taranm\u0131\u015f veya foto\u011fraf\u0131 \u00e7ekilmi\u015f dijital formattaki (GIF, JPG, PDF vb.) verileri herhangi bir d\u00fczenleme i\u015flemi yapmadan g\u00f6nderin.<\/p>\n\n\n\n<h3 class=\"wp-block-heading has-aurapay-green-color has-text-color has-link-color wp-elements-f2c3fc536d491ead5eb29c730ddfa508\" style=\"margin-top:var(--wp--preset--spacing--30)\">M\u00fch\u00fcr tescil belgesi<\/h3>\n\n\n\n<p class=\"has-aurapay-green-color has-text-color has-link-color wp-elements-aa9f015cd37b27d113f0008ba4f96e4e\">L\u00fctfen c\u00fczdan sahibinin (\u015firketin) a\u015fa\u011f\u0131daki belgelerini g\u00f6nderin.<br>Belgelerin 6 ay i\u00e7erisinde verilmesi gerekmektedir.<\/p>\n\n\n\n<ul class=\"wp-block-list\">\n<li>\u015eirket m\u00fch\u00fcr onay belgeleri<\/li>\n<\/ul>\n\n\n\n<p class=\"has-small-font-size\">*L\u00fctfen ak\u0131ll\u0131 telefon gibi bir kamerayla taranm\u0131\u015f veya foto\u011fraf\u0131 \u00e7ekilmi\u015f dijital formattaki (GIF, JPG, PDF vb.) verileri herhangi bir d\u00fczenleme i\u015flemi yapmadan g\u00f6nderin.<\/p>\n\n\n\n<h3 class=\"wp-block-heading has-aurapay-green-color has-text-color has-link-color wp-elements-f22a2d0aa3ec84b4a93f5a9a19b16f9c\" style=\"margin-top:var(--wp--preset--spacing--30)\">Mevcut \u015eirket Adresinin Kan\u0131t\u0131<\/h3>\n\n\n\n<p class=\"has-aurapay-green-color has-text-color has-link-color wp-elements-2262a6335ac1afc483883c2ba434a3f5\">Ticari Hesap i\u00e7in a\u015fa\u011f\u0131daki belgelerden birini y\u00fcklemeniz gerekecektir (belgenin d\u00fczenlendi\u011fi tarihten itibaren 6 ay i\u00e7inde olmas\u0131 gerekir).<\/p>\n\n\n\n<ul class=\"wp-block-list\">\n<li class=\"translation-block\">Fatura veya Makbuz<br> Elektrik, Gaz, Su veya NHK Faturas\u0131<\/li>\n\n\n\n<li>Ulusal veya Yerel Vergi Faturas\u0131 veya Makbuzu<\/li>\n\n\n\n<li>Banka veya Kredi Kart\u0131 Ekstreleri<\/li>\n<\/ul>\n\n\n\n<p class=\"has-small-font-size\">*L\u00fctfen ak\u0131ll\u0131 telefon gibi bir kamerayla taranm\u0131\u015f veya foto\u011fraf\u0131 \u00e7ekilmi\u015f dijital formattaki (GIF, JPG, PDF vb.) verileri herhangi bir d\u00fczenleme i\u015flemi yapmadan g\u00f6nderin.<\/p>\n\n\n\n<h3 class=\"wp-block-heading has-aurapay-green-color has-text-color has-link-color wp-elements-33434f20cdc635eb3098cd0e7f1e33bc\" style=\"margin-top:var(--wp--preset--spacing--30)\">Resmi m\u00fch\u00fcrl\u00fc sertifikalar<\/h3>\n\n\n\n<p class=\"has-aurapay-green-color has-text-color has-link-color wp-elements-2262a6335ac1afc483883c2ba434a3f5\">Ticari Hesap i\u00e7in a\u015fa\u011f\u0131daki belgelerden birini y\u00fcklemeniz gerekecektir (belgenin d\u00fczenlendi\u011fi tarihten itibaren 6 ay i\u00e7inde olmas\u0131 gerekir).<\/p>\n\n\n\n<ul class=\"wp-block-list\">\n<li class=\"translation-block\">Resmi m\u00fch\u00fcrl\u00fc sertifikalar<br> Belgeleri indirmek i\u00e7in <a href=\"https:\/\/aurapay.com\/wp-content\/uploads\/2023\/06\/UBO_Declaration_Form_en_AuraPay.pdf?202306\" target=\"_blank\" rel=\"noreferrer noopener\">buraya t\u0131klay\u0131n<\/a><\/li>\n\n\n\n<li>T\u00fcm hesap operat\u00f6rlerinin ve karar vericilerin kimlik belgeleri<\/li>\n\n\n\n<li>T\u00fcm hesap operat\u00f6rlerinin ve karar vericilerin g\u00fcncel adreslerinin kan\u0131t\u0131<\/li>\n\n\n\n<li>T\u00fcm hesap operat\u00f6rleri ve karar vericiler i\u00e7in kay\u0131tl\u0131 m\u00fch\u00fcr sertifikas\u0131<\/li>\n<\/ul>\n\n\n\n<p class=\"has-small-font-size\">*L\u00fctfen ak\u0131ll\u0131 telefon gibi bir kamerayla taranm\u0131\u015f veya foto\u011fraf\u0131 \u00e7ekilmi\u015f dijital formattaki (GIF, JPG, PDF vb.) verileri herhangi bir d\u00fczenleme i\u015flemi yapmadan g\u00f6nderin.<\/p>\n\n\n\n<div class=\"wp-block-group icon-security has-border-color has-global-padding is-layout-constrained wp-container-core-group-is-layout-2 wp-block-group-is-layout-constrained\" style=\"border-color:#00A651;border-width:1px;border-radius:1rem;margin-top:var(--wp--preset--spacing--60);padding-top:var(--wp--preset--spacing--20);padding-right:var(--wp--preset--spacing--20);padding-bottom:var(--wp--preset--spacing--20);padding-left:var(--wp--preset--spacing--20)\">\n<p>Bilgi g\u00f6nderimi s\u0131ras\u0131nda kullan\u0131c\u0131lar taraf\u0131ndan verilen bilgiler SSL (G\u00fcvenli Yuva Katman\u0131) ile \u015fifrelenerek t\u00fcm hassas veriler g\u00fcvence alt\u0131na al\u0131n\u0131r.<br>Kullan\u0131c\u0131lar\u0131n bilgilerini kay\u0131p, hasar, s\u0131z\u0131nt\u0131 ve yetkisiz eri\u015fime kar\u015f\u0131 korumak, kullan\u0131c\u0131lar i\u00e7in g\u00fcvenli bir platform sa\u011flamak.<\/p>\n<\/div>","protected":false},"excerpt":{"rendered":"<p>Hesap \u0130\u00e7in Gerekli Belgeler Hesab\u0131n\u0131z\u0131 kullanabilmeniz i\u00e7in a\u015fa\u011f\u0131daki gerekli belgeleri g\u00f6ndermeniz gerekmektedir. Ki\u015fisel Hesap Kimlik do\u011frulama belgeleri Sizden, hesab\u0131 kaydeden ki\u015finin foto\u011frafl\u0131 kimli\u011fini (bireysel) ve bir selfieyi (y\u00fcz tan\u0131ma) g\u00f6ndermenizi isteyece\u011fiz. Foto\u011frafl\u0131 kimlik do\u011frulamas\u0131 L\u00fctfen a\u015fa\u011f\u0131dakilerden birini g\u00f6nderin: s\u00fcr\u00fcc\u00fc belgesi, My Number kart\u0131 (yaln\u0131zca Japonya&#039;da ikamet edenler i\u00e7in ge\u00e7erlidir) veya pasaport. Ehliyet L\u00fctfen ehliyetinizin \u00f6n ve arka y\u00fcz\u00fcn\u00fc g\u00f6nderin. Pasaport L\u00fctfen sayfay\u0131 foto\u011fraf\u0131n\u0131z ve imzan\u0131zla birlikte g\u00f6nderin. Numaram Kart\u0131 L\u00fctfen kart\u0131n \u00f6n ve arka y\u00fcz\u00fcn\u00fc g\u00f6nderin.* L\u00fctfen ki\u015fisel numaran\u0131z\u0131 ve barkodu saklay\u0131n. Gereksinimler y\u00fcz [\u2026]<\/p>","protected":false},"author":2,"featured_media":0,"parent":0,"menu_order":0,"comment_status":"closed","ping_status":"closed","template":"","meta":{"footnotes":""},"class_list":["post-115","page","type-page","status-publish","hentry"],"_links":{"self":[{"href":"https:\/\/aurapay.com\/tr\/wp-json\/wp\/v2\/pages\/115"}],"collection":[{"href":"https:\/\/aurapay.com\/tr\/wp-json\/wp\/v2\/pages"}],"about":[{"href":"https:\/\/aurapay.com\/tr\/wp-json\/wp\/v2\/types\/page"}],"author":[{"embeddable":true,"href":"https:\/\/aurapay.com\/tr\/wp-json\/wp\/v2\/users\/2"}],"replies":[{"embeddable":true,"href":"https:\/\/aurapay.com\/tr\/wp-json\/wp\/v2\/comments?post=115"}],"version-history":[{"count":8,"href":"https:\/\/aurapay.com\/tr\/wp-json\/wp\/v2\/pages\/115\/revisions"}],"predecessor-version":[{"id":978,"href":"https:\/\/aurapay.com\/tr\/wp-json\/wp\/v2\/pages\/115\/revisions\/978"}],"wp:attachment":[{"href":"https:\/\/aurapay.com\/tr\/wp-json\/wp\/v2\/media?parent=115"}],"curies":[{"name":"wp","href":"https:\/\/api.w.org\/{rel}","templated":true}]}}